{"id":775,"date":"2017-07-09T11:21:16","date_gmt":"2017-07-09T09:21:16","guid":{"rendered":"http:\/\/www.mauerfix.tirol\/?page_id=775"},"modified":"2024-02-07T15:34:06","modified_gmt":"2024-02-07T14:34:06","slug":"flaemenwandl","status":"publish","type":"page","link":"http:\/\/www.mauerfix.tirol\/?page_id=775","title":{"rendered":"Fl\u00e4menwandl"},"content":{"rendered":"\n<div class=\"wp-block-group has-global-padding is-layout-constrained wp-block-group-is-layout-constrained\">\n<div class=\"wp-block-columns is-layout-flex wp-container-core-columns-is-layout-28f84493 wp-block-columns-is-layout-flex\">\n<div class=\"wp-block-column is-layout-flow wp-block-column-is-layout-flow\" style=\"flex-basis:100%\">\n<div id=\"pl-775\" class=\"panel-layout\">\n<div id=\"pg-775-0\" class=\"panel-grid panel-has-style\" data-style=\"{&quot;cell_alignment&quot;:&quot;flex-start&quot;,&quot;align&quot;:true,&quot;overlay&quot;:&quot;&quot;,&quot;overlay_color&quot;:&quot;#000000&quot;}\">\n<div class=\"panel-row-style panel-row-style-for-775-0\" style=\"text-align: center; padding: 100px 0;\" data-overlay=\"true\" data-overlay-color=\"#000000\">\n<div id=\"pgc-775-0-0\" class=\"panel-grid-cell\" data-weight=\"1\">\n<div id=\"panel-775-0-0-0\" class=\"so-panel widget widget_sow-editor panel-first-child panel-last-child\" data-index=\"0\" data-style=\"{&quot;padding&quot;:&quot;10% 20% 10% 20%&quot;,&quot;background_image_attachment&quot;:false,&quot;background_display&quot;:&quot;tile&quot;,&quot;content_alignment&quot;:&quot;left&quot;,&quot;title_color&quot;:&quot;#443f3f&quot;,&quot;headings_color&quot;:&quot;#443f3f&quot;}\">\n<div class=\"panel-widget-style panel-widget-style-for-775-0-0-0\" style=\"text-align: left;\" data-title-color=\"#443f3f\" data-headings-color=\"#443f3f\">\n<div class=\"so-widget-sow-editor so-widget-sow-editor-base\">\n<div class=\"siteorigin-widget-tinymce textwidget\">\n<h2>TOPO Fl\u00e4menwandl:<\/h2>\n<p>[pdf-embedder url=&#8220;http:\/\/www.mauerfix.tirol\/wp-content\/uploads\/2017\/07\/Flaemenwandl_Topo.pdf&#8220;]<\/p>\n<h5>Topodownload: <a href=\"http:\/\/www.mauerfix.tirol\/wp-content\/uploads\/2017\/07\/Flaemenwandl_Topo.pdf\"><span style=\"color: #0000ff;\"><em>hier<\/em><\/span><\/a><\/h5>\n<h2>ZUSTIEG:<\/h2>\n<p>Mit dem Auto kann man am Kletterparkplatz (von Weidach kommend, nach der Br\u00fccke rechts) gratis parken. Um zur Wand zu gelangen kurz am Stra\u00dfenrand entlang \u00fcber die Br\u00fccke und danach wie beschildert in den Forstweg links einbiegen. Danach \u00fcber die kleine Fu\u00dfg\u00e4ngerbr\u00fccke die Ache \u00fcberqueren und rechts den Radweg entlang gehen. Nach ca 150m hat man den Klettergarten erreicht.<\/p>\n<p>[wpgmza id=&#8220;1&#8243;]<\/p>\n<\/div>\n<\/div>\n<\/div>\n<\/div>\n<\/div>\n<\/div>\n<\/div>\n<div id=\"pg-775-1\" class=\"panel-grid panel-has-style\" data-style=\"{&quot;row_stretch&quot;:&quot;full-stretched&quot;,&quot;cell_alignment&quot;:&quot;flex-start&quot;,&quot;align&quot;:true,&quot;overlay&quot;:&quot;&quot;,&quot;overlay_color&quot;:&quot;#000000&quot;}\" data-color-label=\"2\">\n<div class=\"siteorigin-panels-stretch panel-row-style panel-row-style-for-775-1\" style=\"text-align: center; padding: 100px 0;\" data-stretch-type=\"full-stretched\" data-overlay=\"true\" data-overlay-color=\"#000000\">\n<div id=\"pgc-775-1-0\" class=\"panel-grid-cell panel-grid-cell-empty\" data-weight=\"0.17969543147208\">\u00a0<\/div>\n<div id=\"pgc-775-1-1\" class=\"panel-grid-cell\" data-weight=\"0.23480783176215\">\n<div id=\"panel-775-1-1-0\" class=\"so-panel widget widget_sow-image panel-first-child panel-last-child\" data-index=\"1\" data-style=\"{&quot;background_display&quot;:&quot;tile&quot;,&quot;content_alignment&quot;:&quot;left&quot;,&quot;title_color&quot;:&quot;#443f3f&quot;,&quot;headings_color&quot;:&quot;#443f3f&quot;}\">\n<div class=\"panel-widget-style panel-widget-style-for-775-1-1-0\" style=\"text-align: left;\" data-title-color=\"#443f3f\" data-headings-color=\"#443f3f\">\n<div class=\"so-widget-sow-image so-widget-sow-image-default-46f30e3d504b\">\n<div class=\"sow-image-container\">\u00a0<\/div>\n<\/div>\n<\/div>\n<\/div>\n<\/div>\n<div id=\"pgc-775-1-2\" class=\"panel-grid-cell\" data-weight=\"0.18549673676577\">\n<div id=\"panel-775-1-2-0\" class=\"so-panel widget widget_sow-image panel-first-child panel-last-child\" data-index=\"2\" data-style=\"{&quot;padding&quot;:&quot;20px&quot;,&quot;background_display&quot;:&quot;tile&quot;,&quot;content_alignment&quot;:&quot;left&quot;,&quot;title_color&quot;:&quot;#443f3f&quot;,&quot;headings_color&quot;:&quot;#443f3f&quot;}\">\n<div class=\"panel-widget-style panel-widget-style-for-775-1-2-0\" style=\"text-align: left;\" data-title-color=\"#443f3f\" data-headings-color=\"#443f3f\">\n<div class=\"so-widget-sow-image so-widget-sow-image-default-eef982a7180b\">\n<div class=\"sow-image-container\"><a href=\"https:\/\/www.alpenverein.at\/hohe-munde\/\" target=\"_blank\" rel=\"noopener\"> <img data-recalc-dims=\"1\" loading=\"lazy\" decoding=\"async\" class=\"so-widget-image\" src=\"https:\/\/i0.wp.com\/www.mauerfix.tirol\/wp-content\/uploads\/2016\/03\/hohe-munde.png?resize=230%2C96\" srcset=\"https:\/\/i0.wp.com\/www.mauerfix.tirol\/wp-content\/uploads\/2016\/03\/hohe-munde.png?resize=230%2C96 230w, https:\/\/i0.wp.com\/www.mauerfix.tirol\/wp-content\/uploads\/2016\/03\/hohe-munde.png?w=260 260w\" width=\"230\" height=\"96\" \/><br \/><\/a><\/div>\n<\/div>\n<\/div>\n<\/div>\n<\/div>\n<div id=\"pgc-775-1-3\" class=\"panel-grid-cell panel-grid-cell-mobile-last\" data-weight=\"0.2\">\n<div id=\"panel-775-1-3-0\" class=\"so-panel widget widget_sow-image panel-first-child panel-last-child\" data-index=\"3\" data-style=\"{&quot;padding&quot;:&quot;20px&quot;,&quot;background_display&quot;:&quot;tile&quot;}\">\n<div class=\"panel-widget-style panel-widget-style-for-775-1-3-0\">\n<div class=\"so-widget-sow-image so-widget-sow-image-default-eef982a7180b\">\n<div class=\"sow-image-container\"><a href=\"http:\/\/www.climbers-paradise.com\/\" target=\"_blank\" rel=\"noopener\"> <img data-recalc-dims=\"1\" loading=\"lazy\" decoding=\"async\" class=\"so-widget-image\" src=\"https:\/\/i0.wp.com\/www.mauerfix.tirol\/wp-content\/uploads\/2016\/04\/climbers_paradise_negativ.jpg?resize=830%2C167\" srcset=\"https:\/\/i2.wp.com\/www.mauerfix.tirol\/wp-content\/uploads\/2016\/04\/climbers_paradise_negativ.jpg?resize=830%2C167 830w, https:\/\/i2.wp.com\/www.mauerfix.tirol\/wp-content\/uploads\/2016\/04\/climbers_paradise_negativ.jpg?resize=300%2C60 300w, https:\/\/i2.wp.com\/www.mauerfix.tirol\/wp-content\/uploads\/2016\/04\/climbers_paradise_negativ.jpg?resize=768%2C155 768w, https:\/\/i2.wp.com\/www.mauerfix.tirol\/wp-content\/uploads\/2016\/04\/climbers_paradise_negativ.jpg?resize=1024%2C206 1024w, https:\/\/i2.wp.com\/www.mauerfix.tirol\/wp-content\/uploads\/2016\/04\/climbers_paradise_negativ.jpg?resize=230%2C46 230w, https:\/\/i2.wp.com\/www.mauerfix.tirol\/wp-content\/uploads\/2016\/04\/climbers_paradise_negativ.jpg?resize=350%2C70 350w\" width=\"830\" height=\"167\" \/><br \/><\/a><\/div>\n<\/div>\n<\/div>\n<\/div>\n<\/div>\n<div id=\"pgc-775-1-4\" class=\"panel-grid-cell panel-grid-cell-empty\" data-weight=\"0.2\">\u00a0<\/div>\n<\/div>\n<\/div>\n<div id=\"pg-775-2\" class=\"panel-grid panel-has-style\" data-style=\"{&quot;row_stretch&quot;:&quot;full-stretched&quot;,&quot;align&quot;:&quot;&quot;,&quot;overlay&quot;:&quot;&quot;}\" data-color-label=\"2\">\n<div class=\"panel-grid-cell panel-grid-cell-empty\" data-weight=\"0.2\"><a href=\"https:\/\/i0.wp.com\/www.mauerfix.tirol\/wp-content\/uploads\/2024\/02\/Region_Seefeld_Tirols_Hochplateau_Logo2022_4c_RGB.png\"><img data-recalc-dims=\"1\" loading=\"lazy\" decoding=\"async\" data-attachment-id=\"973\" data-permalink=\"http:\/\/www.mauerfix.tirol\/?attachment_id=973\" data-orig-file=\"https:\/\/i0.wp.com\/www.mauerfix.tirol\/wp-content\/uploads\/2024\/02\/Region_Seefeld_Tirols_Hochplateau_Logo2022_4c_RGB.png?fit=2150%2C1285\" data-orig-size=\"2150,1285\" data-comments-opened=\"1\" data-image-meta=\"{&quot;aperture&quot;:&quot;0&quot;,&quot;credit&quot;:&quot;&quot;,&quot;camera&quot;:&quot;&quot;,&quot;caption&quot;:&quot;&quot;,&quot;created_timestamp&quot;:&quot;0&quot;,&quot;copyright&quot;:&quot;&quot;,&quot;focal_length&quot;:&quot;0&quot;,&quot;iso&quot;:&quot;0&quot;,&quot;shutter_speed&quot;:&quot;0&quot;,&quot;title&quot;:&quot;&quot;,&quot;orientation&quot;:&quot;0&quot;}\" data-image-title=\"Region_Seefeld_Tirols_Hochplateau_Logo2022_4c_RGB\" data-image-description=\"\" data-image-caption=\"\" data-large-file=\"https:\/\/i0.wp.com\/www.mauerfix.tirol\/wp-content\/uploads\/2024\/02\/Region_Seefeld_Tirols_Hochplateau_Logo2022_4c_RGB.png?fit=1024%2C612\" class=\"aligncenter size-full wp-image-973\" src=\"https:\/\/i0.wp.com\/www.mauerfix.tirol\/wp-content\/uploads\/2024\/02\/Region_Seefeld_Tirols_Hochplateau_Logo2022_4c_RGB.png?resize=1170%2C699\" alt=\"\" width=\"1170\" height=\"699\" srcset=\"https:\/\/i0.wp.com\/www.mauerfix.tirol\/wp-content\/uploads\/2024\/02\/Region_Seefeld_Tirols_Hochplateau_Logo2022_4c_RGB.png?w=2150 2150w, https:\/\/i0.wp.com\/www.mauerfix.tirol\/wp-content\/uploads\/2024\/02\/Region_Seefeld_Tirols_Hochplateau_Logo2022_4c_RGB.png?resize=300%2C179 300w, https:\/\/i0.wp.com\/www.mauerfix.tirol\/wp-content\/uploads\/2024\/02\/Region_Seefeld_Tirols_Hochplateau_Logo2022_4c_RGB.png?resize=1024%2C612 1024w, https:\/\/i0.wp.com\/www.mauerfix.tirol\/wp-content\/uploads\/2024\/02\/Region_Seefeld_Tirols_Hochplateau_Logo2022_4c_RGB.png?resize=768%2C459 768w, https:\/\/i0.wp.com\/www.mauerfix.tirol\/wp-content\/uploads\/2024\/02\/Region_Seefeld_Tirols_Hochplateau_Logo2022_4c_RGB.png?resize=1536%2C918 1536w, https:\/\/i0.wp.com\/www.mauerfix.tirol\/wp-content\/uploads\/2024\/02\/Region_Seefeld_Tirols_Hochplateau_Logo2022_4c_RGB.png?resize=2048%2C1224 2048w, https:\/\/i0.wp.com\/www.mauerfix.tirol\/wp-content\/uploads\/2024\/02\/Region_Seefeld_Tirols_Hochplateau_Logo2022_4c_RGB.png?resize=1000%2C598 1000w, https:\/\/i0.wp.com\/www.mauerfix.tirol\/wp-content\/uploads\/2024\/02\/Region_Seefeld_Tirols_Hochplateau_Logo2022_4c_RGB.png?resize=230%2C137 230w, https:\/\/i0.wp.com\/www.mauerfix.tirol\/wp-content\/uploads\/2024\/02\/Region_Seefeld_Tirols_Hochplateau_Logo2022_4c_RGB.png?resize=350%2C209 350w, https:\/\/i0.wp.com\/www.mauerfix.tirol\/wp-content\/uploads\/2024\/02\/Region_Seefeld_Tirols_Hochplateau_Logo2022_4c_RGB.png?resize=480%2C287 480w\" sizes=\"auto, (max-width: 1170px) 100vw, 1170px\" \/><\/a><\/div>\n<div class=\"siteorigin-panels-stretch panel-row-style panel-row-style-for-775-2\" style=\"padding: 100px 0;\" data-stretch-type=\"full-stretched\" data-overlay=\"true\">\n<div id=\"pgc-775-2-1\" class=\"panel-grid-cell\" data-weight=\"0.2\">\n<div id=\"panel-775-2-1-0\" class=\"so-panel widget widget_sow-image panel-first-child panel-last-child\" data-index=\"4\" data-style=\"{&quot;background_display&quot;:&quot;tile&quot;}\">\n<div class=\"so-widget-sow-image so-widget-sow-image-default-eef982a7180b\">\n<div class=\"sow-image-container\">\u00a0<\/div>\n<\/div>\n<\/div>\n<\/div>\n<div id=\"pgc-775-2-2\" class=\"panel-grid-cell\" data-weight=\"0.2\">\n<div id=\"panel-775-2-2-0\" class=\"so-panel widget widget_sow-image panel-first-child panel-last-child\" data-index=\"5\" data-style=\"{&quot;background_display&quot;:&quot;tile&quot;}\">\n<div class=\"so-widget-sow-image so-widget-sow-image-default-eef982a7180b\">\n<div class=\"sow-image-container\"><a href=\"http:\/\/www.austrialpin.at\/\" target=\"_blank\" rel=\"noopener\"><img data-recalc-dims=\"1\" loading=\"lazy\" decoding=\"async\" class=\"so-widget-image\" src=\"https:\/\/i0.wp.com\/www.mauerfix.tirol\/wp-content\/uploads\/2016\/02\/AustriAlpin_Logo.jpg?resize=350%2C122\" srcset=\"https:\/\/i2.wp.com\/www.mauerfix.tirol\/wp-content\/uploads\/2016\/02\/AustriAlpin_Logo.jpg?resize=350%2C122 350w, https:\/\/i2.wp.com\/www.mauerfix.tirol\/wp-content\/uploads\/2016\/02\/AustriAlpin_Logo.jpg?resize=300%2C105 300w, https:\/\/i2.wp.com\/www.mauerfix.tirol\/wp-content\/uploads\/2016\/02\/AustriAlpin_Logo.jpg?resize=768%2C268 768w, https:\/\/i2.wp.com\/www.mauerfix.tirol\/wp-content\/uploads\/2016\/02\/AustriAlpin_Logo.jpg?resize=1024%2C357 1024w, https:\/\/i2.wp.com\/www.mauerfix.tirol\/wp-content\/uploads\/2016\/02\/AustriAlpin_Logo.jpg?resize=830%2C289 830w, https:\/\/i2.wp.com\/www.mauerfix.tirol\/wp-content\/uploads\/2016\/02\/AustriAlpin_Logo.jpg?resize=230%2C80 230w, https:\/\/i2.wp.com\/www.mauerfix.tirol\/wp-content\/uploads\/2016\/02\/AustriAlpin_Logo.jpg?w=2340 2340w\" width=\"350\" height=\"122\" \/><br \/><\/a><\/div>\n<\/div>\n<\/div>\n<\/div>\n<div id=\"pgc-775-2-3\" class=\"panel-grid-cell panel-grid-cell-mobile-last\" data-weight=\"0.2\">\n<div id=\"panel-775-2-3-0\" class=\"so-panel widget widget_sow-image panel-first-child panel-last-child\" data-index=\"6\" data-style=\"{&quot;background_display&quot;:&quot;tile&quot;,&quot;content_alignment&quot;:&quot;left&quot;,&quot;title_color&quot;:&quot;#443f3f&quot;,&quot;headings_color&quot;:&quot;#443f3f&quot;}\">\n<div class=\"panel-widget-style panel-widget-style-for-775-2-3-0\" style=\"text-align: left;\" data-title-color=\"#443f3f\" data-headings-color=\"#443f3f\">\n<div class=\"so-widget-sow-image so-widget-sow-image-default-eef982a7180b\">\n<div class=\"sow-image-container\"><a href=\"http:\/\/www.rb-seefeld.at\/\" target=\"_blank\" rel=\"noopener\"><img data-recalc-dims=\"1\" loading=\"lazy\" decoding=\"async\" class=\"so-widget-image\" src=\"https:\/\/i0.wp.com\/www.mauerfix.tirol\/wp-content\/uploads\/2016\/02\/rbs_positiv.jpg?resize=350%2C88\" srcset=\"https:\/\/i2.wp.com\/www.mauerfix.tirol\/wp-content\/uploads\/2016\/02\/rbs_positiv.jpg?resize=350%2C88 350w, https:\/\/i2.wp.com\/www.mauerfix.tirol\/wp-content\/uploads\/2016\/02\/rbs_positiv.jpg?resize=300%2C75 300w, https:\/\/i2.wp.com\/www.mauerfix.tirol\/wp-content\/uploads\/2016\/02\/rbs_positiv.jpg?resize=768%2C193 768w, https:\/\/i2.wp.com\/www.mauerfix.tirol\/wp-content\/uploads\/2016\/02\/rbs_positiv.jpg?resize=1024%2C257 1024w, https:\/\/i2.wp.com\/www.mauerfix.tirol\/wp-content\/uploads\/2016\/02\/rbs_positiv.jpg?resize=830%2C208 830w, https:\/\/i2.wp.com\/www.mauerfix.tirol\/wp-content\/uploads\/2016\/02\/rbs_positiv.jpg?resize=230%2C58 230w, https:\/\/i2.wp.com\/www.mauerfix.tirol\/wp-content\/uploads\/2016\/02\/rbs_positiv.jpg?w=1419 1419w\" width=\"350\" height=\"88\" \/><br \/><\/a><\/div>\n<\/div>\n<\/div>\n<\/div>\n<\/div>\n<div id=\"pgc-775-2-4\" class=\"panel-grid-cell panel-grid-cell-empty\" data-weight=\"0.2\">\u00a0<\/div>\n<\/div>\n<\/div>\n<\/div>\n<\/div>\n<\/div>\n<\/div>\n","protected":false},"excerpt":{"rendered":"<p>TOPO Fl\u00e4menwandl: [pdf-embedder url=&#8220;http:\/\/www.mauerfix.tirol\/wp-content\/uploads\/2017\/07\/Flaemenwandl_Topo.pdf&#8220;] Topodownload: hier ZUSTIEG: Mit dem Auto kann man am Kletterparkplatz (von Weidach kommend, nach der Br\u00fccke rechts) gratis parken. Um zur Wand zu gelangen kurz am Stra\u00dfenrand entlang \u00fcber die Br\u00fccke und danach wie beschildert in den Forstweg links einbiegen. Danach \u00fcber die kleine Fu\u00dfg\u00e4ngerbr\u00fccke die Ache \u00fcberqueren und rechts den Radweg entlang gehen. Nach ca 150m hat man den Klettergarten erreicht. [wpgmza id=&#8220;1&#8243;] \u00a0 \u00a0 \u00a0 \u00a0 \u00a0<\/p>\n","protected":false},"author":1,"featured_media":0,"parent":0,"menu_order":0,"comment_status":"closed","ping_status":"closed","template":"page-templates\/page_fullwidth.php","meta":{"jetpack_post_was_ever_published":false,"footnotes":""},"class_list":["post-775","page","type-page","status-publish","hentry"],"jetpack_sharing_enabled":true,"jetpack_shortlink":"https:\/\/wp.me\/P7khwd-cv","jetpack-related-posts":[],"_links":{"self":[{"href":"http:\/\/www.mauerfix.tirol\/index.php?rest_route=\/wp\/v2\/pages\/775","targetHints":{"allow":["GET"]}}],"collection":[{"href":"http:\/\/www.mauerfix.tirol\/index.php?rest_route=\/wp\/v2\/pages"}],"about":[{"href":"http:\/\/www.mauerfix.tirol\/index.php?rest_route=\/wp\/v2\/types\/page"}],"author":[{"embeddable":true,"href":"http:\/\/www.mauerfix.tirol\/index.php?rest_route=\/wp\/v2\/users\/1"}],"replies":[{"embeddable":true,"href":"http:\/\/www.mauerfix.tirol\/index.php?rest_route=%2Fwp%2Fv2%2Fcomments&post=775"}],"version-history":[{"count":61,"href":"http:\/\/www.mauerfix.tirol\/index.php?rest_route=\/wp\/v2\/pages\/775\/revisions"}],"predecessor-version":[{"id":974,"href":"http:\/\/www.mauerfix.tirol\/index.php?rest_route=\/wp\/v2\/pages\/775\/revisions\/974"}],"wp:attachment":[{"href":"http:\/\/www.mauerfix.tirol\/index.php?rest_route=%2Fwp%2Fv2%2Fmedia&parent=775"}],"curies":[{"name":"wp","href":"https:\/\/api.w.org\/{rel}","templated":true}]}}